{"version":"1.0","provider_name":"Narraajan","provider_url":"https:\/\/www.narraajan.fi","title":"Hyvink\u00e4\u00e4, Helsinki ja Oulu - Narraajan","type":"rich","width":600,"height":338,"html":"<blockquote class=\"wp-embedded-content\" data-secret=\"qKhXAom95K\"><a href=\"https:\/\/www.narraajan.fi\/index.php\/2022\/09\/05\/hyvinkaa-helsinki-ja-oulu\/\">Hyvink\u00e4\u00e4, Helsinki ja Oulu<\/a><\/blockquote><iframe sandbox=\"allow-scripts\" security=\"restricted\" src=\"https:\/\/www.narraajan.fi\/index.php\/2022\/09\/05\/hyvinkaa-helsinki-ja-oulu\/embed\/#?secret=qKhXAom95K\" width=\"600\" height=\"338\" title=\"&#8221;Hyvink\u00e4\u00e4, Helsinki ja Oulu&#8221; &#8212; Narraajan\" data-secret=\"qKhXAom95K\" frameborder=\"0\" marginwidth=\"0\" marginheight=\"0\" scrolling=\"no\" class=\"wp-embedded-content\"><\/iframe><script>\n\/*! This file is auto-generated *\/\n!function(d,l){\"use strict\";l.querySelector&&d.addEventListener&&\"undefined\"!=typeof URL&&(d.wp=d.wp||{},d.wp.receiveEmbedMessage||(d.wp.receiveEmbedMessage=function(e){var t=e.data;if((t||t.secret||t.message||t.value)&&!\/[^a-zA-Z0-9]\/.test(t.secret)){for(var s,r,n,a=l.querySelectorAll('iframe[data-secret=\"'+t.secret+'\"]'),o=l.querySelectorAll('blockquote[data-secret=\"'+t.secret+'\"]'),c=new RegExp(\"^https?:$\",\"i\"),i=0;i<o.length;i++)o[i].style.display=\"none\";for(i=0;i<a.length;i++)s=a[i],e.source===s.contentWindow&&(s.removeAttribute(\"style\"),\"height\"===t.message?(1e3<(r=parseInt(t.value,10))?r=1e3:~~r<200&&(r=200),s.height=r):\"link\"===t.message&&(r=new URL(s.getAttribute(\"src\")),n=new URL(t.value),c.test(n.protocol))&&n.host===r.host&&l.activeElement===s&&(d.top.location.href=t.value))}},d.addEventListener(\"message\",d.wp.receiveEmbedMessage,!1),l.addEventListener(\"DOMContentLoaded\",function(){for(var e,t,s=l.querySelectorAll(\"iframe.wp-embedded-content\"),r=0;r<s.length;r++)(t=(e=s[r]).getAttribute(\"data-secret\"))||(t=Math.random().toString(36).substring(2,12),e.src+=\"#?secret=\"+t,e.setAttribute(\"data-secret\",t)),e.contentWindow.postMessage({message:\"ready\",secret:t},\"*\")},!1)))}(window,document);\n\/\/# sourceURL=https:\/\/www.narraajan.fi\/wp-includes\/js\/wp-embed.min.js\n<\/script>\n","description":"Kuva: Eveliina Kammonen Syksyisen s\u00e4\u00e4n vallitessa oltiin n\u00e4yttelyiss\u00e4 viikonloppuna sek\u00e4 etel\u00e4ss\u00e4 ett\u00e4 pohjoisessa. Vaikka s\u00e4\u00e4 olikin kolea, mukavat tulokset l\u00e4mmittiv\u00e4t mielt\u00e4.\u00a0 Nero (Narraajan Preiskarin Vartija) oli lauantain keh\u00e4ss\u00e4 Hyvink\u00e4\u00e4n ryhm\u00e4n\u00e4yttelyss\u00e4. Snautsereita n\u00e4yttelyss\u00e4 arvioi saksalainen erikoistuomari Birgit Bischoff. Nero nousi hienosti paras uros luokassa kakkoseksi is\u00e4ns\u00e4 per\u00e4ss\u00e4. Nero oli my\u00f6s rotunsa paras juniori. Is\u00e4 Severi (Bonzen ... Lue lis\u00e4\u00e4","thumbnail_url":"https:\/\/www.narraajan.fi\/wp-content\/uploads\/2022\/09\/Nero-1024x844.jpg"}